{"id":47722,"date":"2016-12-03T04:46:19","date_gmt":"2016-12-03T06:46:19","guid":{"rendered":"\/?page_id=47722"},"modified":"2023-07-05T15:24:30","modified_gmt":"2023-07-05T17:24:30","slug":"home","status":"publish","type":"page","link":"http:\/\/origem.biz\/","title":{"rendered":"Home"},"content":{"rendered":"<section class=\"l-section wpb_row height_medium color_primary\"><div class=\"l-section-h i-cf\"><div class=\"g-cols offset_small\"><div class=\" one-third\"><div class=\"w-separator type_invisible size_medium thick_1 style_solid color_border cont_none\"><span class=\"w-separator-h\"><\/span><\/div><\/div><div class=\" two-thirds\">[vc_wp_search title=&#8221;Pesquise um nome ou sobrenome&#8221;]<\/div><\/div><\/div><\/section><section class=\"l-section wpb_row height_medium\"><div class=\"l-section-h i-cf\"><div class=\"g-cols offset_small\"><div class=\" full-width\"><div class=\"wpb_text_column \"><div class=\"wpb_wrapper\">\n<h1 style=\"text-align: center;\"><strong>Quem somos<\/strong><\/h1>\n<\/div> <\/div> <div class=\"wpb_text_column \"><div class=\"wpb_wrapper\">\n<p class=\"textoleitura\">Este \u00e9 um site de dados geneal\u00f3gicos e biogr\u00e1ficos que se pretende em ininterrupta constru\u00e7\u00e3o. Isso significa que crescer\u00e1 na medida em que novas informa\u00e7\u00f5es forem\u00a0localizadas em bibliotecas e arquivos,\u00a0ou nos forem enviadas por colaboradores.<\/p>\n<p class=\"textoleitura\">Muita gente se pergunta qual a utilidade da genealogia: as respostas buscam justificativas que v\u00e3o do mero <em>hobby <\/em>a cren\u00e7as religiosas. Nossa perspectiva \u00e9 a de que o genealogista se assemelha ao arque\u00f3logo em busca tra\u00e7os do passado. Enquanto este \u00faltimo pesquisa os ind\u00edcios materiais deixados por outras \u00e9pocas,\u00a0o objeto da genealogia s\u00e3o os tra\u00e7os deixados pelas pessoas. De algumas restando muitos registros. De outras, muito poucos &#8211; algumas vezes n\u00e3o mais que um nome numa linha\u00a0ascendente ou descendente. Mas sempre tra\u00e7os valiosos.<\/p>\n<p class=\"textoleitura\">Pode-se dizer, portanto, que se trata de um n\u00edvel m\u00ednimo da hist\u00f3ria que, tendo como foco as pessoas, refaz a sequ\u00eancia do tempo com base nelas. Sem abandonar as\u00a0marcas cronol\u00f3gicas,\u00a0a genealogia se elabora como uma sucess\u00e3o de biografias que permite perceber como cada qual impregna cada \u00e9poca com\u00a0suas\u00a0qualidades. Noutros termos: em vez da mera sucess\u00e3o do tempo, contado em anos e s\u00e9culos, o tempo requalificado como\u00a0o suceder das gera\u00e7\u00f5es.<\/p>\n<p class=\"textoleitura\">Jacyntho Lins Brand\u00e3o<\/p>\n<p class=\"textoleitura\">Pedro Guadalupe dos Santos Lins Brand\u00e3o<\/p>\n<\/div> <\/div> <\/div><\/div><\/div><\/section><section class=\"l-section wpb_row height_small with_img parallax_ver parallaxdir_reversed\"><div class=\"l-section-img\" style=\"background-image: url(http:\/\/origem.biz\/wp-content\/uploads\/2016\/12\/arvore_cinz.jpg);background-repeat: no-repeat;\" data-img-width=\"2400\" data-img-height=\"1089\"><\/div><div class=\"l-section-h i-cf\"><div class=\"g-cols offset_small\"><div class=\" five-sixths\"><div class=\"wpb_text_column \"><div class=\"wpb_wrapper\">\n<h1 style=\"text-align: center;\"><strong>Cadastros recentes<\/strong><\/h1>\n<\/div> <\/div> <div class=\"w-separator type_invisible size_small thick_1 style_solid color_border cont_none\"><span class=\"w-separator-h\"><\/span><\/div><div class=\"w-blog layout_compact cols_3\"><div class=\"w-blog-list\">\n\n<div class=\"w-blog-post post-65767 cadastro type-cadastro status-publish hentry\" data-id=\"65767\" data-categories=\"\">\n\t<div class=\"w-blog-post-h\">\n\t\t<div class=\"w-blog-post-body\">\n\t\t\t<h2 class=\"w-blog-post-title\"style=\"font-size: 14\">\n\t\t\t\t<a class=\"entry-title\" rel=\"bookmark\" href=\"http:\/\/origem.biz\/?cadastro=elza-de-mayrinck\">Elza de Mayrinck<\/a>\n\t\t\t<\/h2>\n\t\t\t<div class=\"w-blog-post-meta hidden\">\n\t\t\t\t<time class=\"w-blog-post-meta-date date updated hidden\">16\/09\/2024<\/time><span class=\"w-blog-post-meta-author vcard author hidden\"><a href=\"http:\/\/origem.biz\" class=\"fn\">admin<\/a><\/span>\t\t\t<\/div>\n\t\t<\/div>\n\t<\/div>\n<\/div>\n\n\n\n<div class=\"w-blog-post post-65766 cadastro type-cadastro status-publish hentry\" data-id=\"65766\" data-categories=\"\">\n\t<div class=\"w-blog-post-h\">\n\t\t<div class=\"w-blog-post-body\">\n\t\t\t<h2 class=\"w-blog-post-title\"style=\"font-size: 14\">\n\t\t\t\t<a class=\"entry-title\" rel=\"bookmark\" href=\"http:\/\/origem.biz\/?cadastro=heloisa-maria-mayrinck\">Helo\u00edsa Maria Mayrinck<\/a>\n\t\t\t<\/h2>\n\t\t\t<div class=\"w-blog-post-meta hidden\">\n\t\t\t\t<time class=\"w-blog-post-meta-date date updated hidden\">16\/09\/2024<\/time><span class=\"w-blog-post-meta-author vcard author hidden\"><a href=\"http:\/\/origem.biz\" class=\"fn\">admin<\/a><\/span>\t\t\t<\/div>\n\t\t<\/div>\n\t<\/div>\n<\/div>\n\n\n\n<div class=\"w-blog-post post-65765 cadastro type-cadastro status-publish hentry\" data-id=\"65765\" data-categories=\"\">\n\t<div class=\"w-blog-post-h\">\n\t\t<div class=\"w-blog-post-body\">\n\t\t\t<h2 class=\"w-blog-post-title\"style=\"font-size: 14\">\n\t\t\t\t<a class=\"entry-title\" rel=\"bookmark\" href=\"http:\/\/origem.biz\/?cadastro=alice-maria-mayrinck\">Alice Maria Mayrinck<\/a>\n\t\t\t<\/h2>\n\t\t\t<div class=\"w-blog-post-meta hidden\">\n\t\t\t\t<time class=\"w-blog-post-meta-date date updated hidden\">16\/09\/2024<\/time><span class=\"w-blog-post-meta-author vcard author hidden\"><a href=\"http:\/\/origem.biz\" class=\"fn\">admin<\/a><\/span>\t\t\t<\/div>\n\t\t<\/div>\n\t<\/div>\n<\/div>\n\n\n\n<div class=\"w-blog-post post-65764 cadastro type-cadastro status-publish hentry\" data-id=\"65764\" data-categories=\"\">\n\t<div class=\"w-blog-post-h\">\n\t\t<div class=\"w-blog-post-body\">\n\t\t\t<h2 class=\"w-blog-post-title\"style=\"font-size: 14\">\n\t\t\t\t<a class=\"entry-title\" rel=\"bookmark\" href=\"http:\/\/origem.biz\/?cadastro=sonia-maria-mayrinck\">S\u00f4nia Maria Mayrinck<\/a>\n\t\t\t<\/h2>\n\t\t\t<div class=\"w-blog-post-meta hidden\">\n\t\t\t\t<time class=\"w-blog-post-meta-date date updated hidden\">16\/09\/2024<\/time><span class=\"w-blog-post-meta-author vcard author hidden\"><a href=\"http:\/\/origem.biz\" class=\"fn\">admin<\/a><\/span>\t\t\t<\/div>\n\t\t<\/div>\n\t<\/div>\n<\/div>\n\n\n\n<div class=\"w-blog-post post-65761 cadastro type-cadastro status-publish hentry\" data-id=\"65761\" data-categories=\"\">\n\t<div class=\"w-blog-post-h\">\n\t\t<div class=\"w-blog-post-body\">\n\t\t\t<h2 class=\"w-blog-post-title\"style=\"font-size: 14\">\n\t\t\t\t<a class=\"entry-title\" rel=\"bookmark\" href=\"http:\/\/origem.biz\/?cadastro=julieta-furquim-werneck-de-almeida\">Julieta Furquim Werneck de Almeida<\/a>\n\t\t\t<\/h2>\n\t\t\t<div class=\"w-blog-post-meta hidden\">\n\t\t\t\t<time class=\"w-blog-post-meta-date date updated hidden\">16\/09\/2024<\/time><span class=\"w-blog-post-meta-author vcard author hidden\"><a href=\"http:\/\/origem.biz\" class=\"fn\">admin<\/a><\/span>\t\t\t<\/div>\n\t\t<\/div>\n\t<\/div>\n<\/div>\n\n\n\n<div class=\"w-blog-post post-65759 cadastro type-cadastro status-publish has-post-thumbnail hentry\" data-id=\"65759\" data-categories=\"\">\n\t<div class=\"w-blog-post-h\">\n\t\t<div class=\"w-blog-post-body\">\n\t\t\t<h2 class=\"w-blog-post-title\"style=\"font-size: 14\">\n\t\t\t\t<a class=\"entry-title\" rel=\"bookmark\" href=\"http:\/\/origem.biz\/?cadastro=francisco-furquim-werneck-de-almeida-medico\">Francisco Furquim Werneck de Almeida, M\u00e9dico<\/a>\n\t\t\t<\/h2>\n\t\t\t<div class=\"w-blog-post-meta hidden\">\n\t\t\t\t<time class=\"w-blog-post-meta-date date updated hidden\">16\/09\/2024<\/time><span class=\"w-blog-post-meta-author vcard author hidden\"><a href=\"http:\/\/origem.biz\" class=\"fn\">admin<\/a><\/span>\t\t\t<\/div>\n\t\t<\/div>\n\t<\/div>\n<\/div>\n\n\n\n<div class=\"w-blog-post post-65758 cadastro type-cadastro status-publish hentry\" data-id=\"65758\" data-categories=\"\">\n\t<div class=\"w-blog-post-h\">\n\t\t<div class=\"w-blog-post-body\">\n\t\t\t<h2 class=\"w-blog-post-title\"style=\"font-size: 14\">\n\t\t\t\t<a class=\"entry-title\" rel=\"bookmark\" href=\"http:\/\/origem.biz\/?cadastro=alice-barroso\">Alice Barroso<\/a>\n\t\t\t<\/h2>\n\t\t\t<div class=\"w-blog-post-meta hidden\">\n\t\t\t\t<time class=\"w-blog-post-meta-date date updated hidden\">16\/09\/2024<\/time><span class=\"w-blog-post-meta-author vcard author hidden\"><a href=\"http:\/\/origem.biz\" class=\"fn\">admin<\/a><\/span>\t\t\t<\/div>\n\t\t<\/div>\n\t<\/div>\n<\/div>\n\n\n\n<div class=\"w-blog-post post-65757 cadastro type-cadastro status-publish hentry\" data-id=\"65757\" data-categories=\"\">\n\t<div class=\"w-blog-post-h\">\n\t\t<div class=\"w-blog-post-body\">\n\t\t\t<h2 class=\"w-blog-post-title\"style=\"font-size: 14\">\n\t\t\t\t<a class=\"entry-title\" rel=\"bookmark\" href=\"http:\/\/origem.biz\/?cadastro=mauricio-de-mayrinck-bancario\">Maur\u00edcio de Mayrinck, Banc\u00e1rio<\/a>\n\t\t\t<\/h2>\n\t\t\t<div class=\"w-blog-post-meta hidden\">\n\t\t\t\t<time class=\"w-blog-post-meta-date date updated hidden\">16\/09\/2024<\/time><span class=\"w-blog-post-meta-author vcard author hidden\"><a href=\"http:\/\/origem.biz\" class=\"fn\">admin<\/a><\/span>\t\t\t<\/div>\n\t\t<\/div>\n\t<\/div>\n<\/div>\n\n\n\n<div class=\"w-blog-post post-65755 cadastro type-cadastro status-publish has-post-thumbnail hentry\" data-id=\"65755\" data-categories=\"\">\n\t<div class=\"w-blog-post-h\">\n\t\t<div class=\"w-blog-post-body\">\n\t\t\t<h2 class=\"w-blog-post-title\"style=\"font-size: 14\">\n\t\t\t\t<a class=\"entry-title\" rel=\"bookmark\" href=\"http:\/\/origem.biz\/?cadastro=raphael-de-mayrinck-advogado\">Raphael de Mayrinck, Advogado<\/a>\n\t\t\t<\/h2>\n\t\t\t<div class=\"w-blog-post-meta hidden\">\n\t\t\t\t<time class=\"w-blog-post-meta-date date updated hidden\">16\/09\/2024<\/time><span class=\"w-blog-post-meta-author vcard author hidden\"><a href=\"http:\/\/origem.biz\" class=\"fn\">admin<\/a><\/span>\t\t\t<\/div>\n\t\t<\/div>\n\t<\/div>\n<\/div>\n\n\n\n<div class=\"w-blog-post post-65751 cadastro type-cadastro status-publish hentry\" data-id=\"65751\" data-categories=\"\">\n\t<div class=\"w-blog-post-h\">\n\t\t<div class=\"w-blog-post-body\">\n\t\t\t<h2 class=\"w-blog-post-title\"style=\"font-size: 14\">\n\t\t\t\t<a class=\"entry-title\" rel=\"bookmark\" href=\"http:\/\/origem.biz\/?cadastro=carolina-furquim-werneck-de-almeida\">Carolina Furquim Werneck de Almeida<\/a>\n\t\t\t<\/h2>\n\t\t\t<div class=\"w-blog-post-meta hidden\">\n\t\t\t\t<time class=\"w-blog-post-meta-date date updated hidden\">04\/08\/2024<\/time><span class=\"w-blog-post-meta-author vcard author hidden\"><a href=\"http:\/\/origem.biz\" class=\"fn\">admin<\/a><\/span>\t\t\t<\/div>\n\t\t<\/div>\n\t<\/div>\n<\/div>\n\n\n\n<div class=\"w-blog-post post-65750 cadastro type-cadastro status-publish has-post-thumbnail hentry\" data-id=\"65750\" data-categories=\"\">\n\t<div class=\"w-blog-post-h\">\n\t\t<div class=\"w-blog-post-body\">\n\t\t\t<h2 class=\"w-blog-post-title\"style=\"font-size: 14\">\n\t\t\t\t<a class=\"entry-title\" rel=\"bookmark\" href=\"http:\/\/origem.biz\/?cadastro=marianna-izabel-de-lacerda-werneck\">Marianna Izabel Peixoto de Lacerda Werneck (Marianinha)<\/a>\n\t\t\t<\/h2>\n\t\t\t<div class=\"w-blog-post-meta hidden\">\n\t\t\t\t<time class=\"w-blog-post-meta-date date updated hidden\">04\/08\/2024<\/time><span class=\"w-blog-post-meta-author vcard author hidden\"><a href=\"http:\/\/origem.biz\" class=\"fn\">admin<\/a><\/span>\t\t\t<\/div>\n\t\t<\/div>\n\t<\/div>\n<\/div>\n\n\n\n<div class=\"w-blog-post post-65749 cadastro type-cadastro status-publish hentry\" data-id=\"65749\" data-categories=\"\">\n\t<div class=\"w-blog-post-h\">\n\t\t<div class=\"w-blog-post-body\">\n\t\t\t<h2 class=\"w-blog-post-title\"style=\"font-size: 14\">\n\t\t\t\t<a class=\"entry-title\" rel=\"bookmark\" href=\"http:\/\/origem.biz\/?cadastro=francisco-de-assis-furquim-de-almeida\">Francisco de Assis Furquim de Almeida<\/a>\n\t\t\t<\/h2>\n\t\t\t<div class=\"w-blog-post-meta hidden\">\n\t\t\t\t<time class=\"w-blog-post-meta-date date updated hidden\">04\/08\/2024<\/time><span class=\"w-blog-post-meta-author vcard author hidden\"><a href=\"http:\/\/origem.biz\" class=\"fn\">admin<\/a><\/span>\t\t\t<\/div>\n\t\t<\/div>\n\t<\/div>\n<\/div>\n\n\n\n<div class=\"w-blog-post post-65746 cadastro type-cadastro status-publish has-post-thumbnail hentry\" data-id=\"65746\" data-categories=\"\">\n\t<div class=\"w-blog-post-h\">\n\t\t<div class=\"w-blog-post-body\">\n\t\t\t<h2 class=\"w-blog-post-title\"style=\"font-size: 14\">\n\t\t\t\t<a class=\"entry-title\" rel=\"bookmark\" href=\"http:\/\/origem.biz\/?cadastro=rosa-furquim-werneck-de-almeida\">Rosa Furquim Werneck de Almeida, Viscondessa de Mayrink<\/a>\n\t\t\t<\/h2>\n\t\t\t<div class=\"w-blog-post-meta hidden\">\n\t\t\t\t<time class=\"w-blog-post-meta-date date updated hidden\">04\/08\/2024<\/time><span class=\"w-blog-post-meta-author vcard author hidden\"><a href=\"http:\/\/origem.biz\" class=\"fn\">admin<\/a><\/span>\t\t\t<\/div>\n\t\t<\/div>\n\t<\/div>\n<\/div>\n\n\n\n<div class=\"w-blog-post post-65744 cadastro type-cadastro status-publish has-post-thumbnail hentry\" data-id=\"65744\" data-categories=\"\">\n\t<div class=\"w-blog-post-h\">\n\t\t<div class=\"w-blog-post-body\">\n\t\t\t<h2 class=\"w-blog-post-title\"style=\"font-size: 14\">\n\t\t\t\t<a class=\"entry-title\" rel=\"bookmark\" href=\"http:\/\/origem.biz\/?cadastro=joao-carlos-mayrink-visconde-de-mayrink\">Jo\u00e3o Carlos Mayrink, Visconde de Mayrink<\/a>\n\t\t\t<\/h2>\n\t\t\t<div class=\"w-blog-post-meta hidden\">\n\t\t\t\t<time class=\"w-blog-post-meta-date date updated hidden\">04\/08\/2024<\/time><span class=\"w-blog-post-meta-author vcard author hidden\"><a href=\"http:\/\/origem.biz\" class=\"fn\">admin<\/a><\/span>\t\t\t<\/div>\n\t\t<\/div>\n\t<\/div>\n<\/div>\n\n\n\n<div class=\"w-blog-post post-65743 cadastro type-cadastro status-publish hentry\" data-id=\"65743\" data-categories=\"\">\n\t<div class=\"w-blog-post-h\">\n\t\t<div class=\"w-blog-post-body\">\n\t\t\t<h2 class=\"w-blog-post-title\"style=\"font-size: 14\">\n\t\t\t\t<a class=\"entry-title\" rel=\"bookmark\" href=\"http:\/\/origem.biz\/?cadastro=clara-margarida-mayrink\">Clara Margarida Mayrink<\/a>\n\t\t\t<\/h2>\n\t\t\t<div class=\"w-blog-post-meta hidden\">\n\t\t\t\t<time class=\"w-blog-post-meta-date date updated hidden\">04\/08\/2024<\/time><span class=\"w-blog-post-meta-author vcard author hidden\"><a href=\"http:\/\/origem.biz\" class=\"fn\">admin<\/a><\/span>\t\t\t<\/div>\n\t\t<\/div>\n\t<\/div>\n<\/div>\n\n\n\n<div class=\"w-blog-post post-65742 cadastro type-cadastro status-publish hentry\" data-id=\"65742\" data-categories=\"\">\n\t<div class=\"w-blog-post-h\">\n\t\t<div class=\"w-blog-post-body\">\n\t\t\t<h2 class=\"w-blog-post-title\"style=\"font-size: 14\">\n\t\t\t\t<a class=\"entry-title\" rel=\"bookmark\" href=\"http:\/\/origem.biz\/?cadastro=jose-carlos-mayrink-filho\">Jos\u00e9 Carlos Mayrink Filho<\/a>\n\t\t\t<\/h2>\n\t\t\t<div class=\"w-blog-post-meta hidden\">\n\t\t\t\t<time class=\"w-blog-post-meta-date date updated hidden\">04\/08\/2024<\/time><span class=\"w-blog-post-meta-author vcard author hidden\"><a href=\"http:\/\/origem.biz\" class=\"fn\">admin<\/a><\/span>\t\t\t<\/div>\n\t\t<\/div>\n\t<\/div>\n<\/div>\n\n\n\n<div class=\"w-blog-post post-65741 cadastro type-cadastro status-publish hentry\" data-id=\"65741\" data-categories=\"\">\n\t<div class=\"w-blog-post-h\">\n\t\t<div class=\"w-blog-post-body\">\n\t\t\t<h2 class=\"w-blog-post-title\"style=\"font-size: 14\">\n\t\t\t\t<a class=\"entry-title\" rel=\"bookmark\" href=\"http:\/\/origem.biz\/?cadastro=maria-emilia-teixeira-bernardes\">Maria Emilia Teixeira Bernardes<\/a>\n\t\t\t<\/h2>\n\t\t\t<div class=\"w-blog-post-meta hidden\">\n\t\t\t\t<time class=\"w-blog-post-meta-date date updated hidden\">04\/08\/2024<\/time><span class=\"w-blog-post-meta-author vcard author hidden\"><a href=\"http:\/\/origem.biz\" class=\"fn\">admin<\/a><\/span>\t\t\t<\/div>\n\t\t<\/div>\n\t<\/div>\n<\/div>\n\n\n\n<div class=\"w-blog-post post-65739 cadastro type-cadastro status-publish has-post-thumbnail hentry\" data-id=\"65739\" data-categories=\"\">\n\t<div class=\"w-blog-post-h\">\n\t\t<div class=\"w-blog-post-body\">\n\t\t\t<h2 class=\"w-blog-post-title\"style=\"font-size: 14\">\n\t\t\t\t<a class=\"entry-title\" rel=\"bookmark\" href=\"http:\/\/origem.biz\/?cadastro=jose-carlos-mayrink-veador\">Jos\u00e9 Carlos Mayrink, Veador<\/a>\n\t\t\t<\/h2>\n\t\t\t<div class=\"w-blog-post-meta hidden\">\n\t\t\t\t<time class=\"w-blog-post-meta-date date updated hidden\">04\/08\/2024<\/time><span class=\"w-blog-post-meta-author vcard author hidden\"><a href=\"http:\/\/origem.biz\" class=\"fn\">admin<\/a><\/span>\t\t\t<\/div>\n\t\t<\/div>\n\t<\/div>\n<\/div>\n\n<\/div><\/div>[vc_empty_space height=&#8221;300px&#8221;]<\/div><div class=\" one-sixth\"><\/div><\/div><\/div><\/section><section class=\"l-section wpb_row height_medium color_primary\"><div class=\"l-section-h i-cf\"><div class=\"g-cols offset_small\"><div class=\" full-width\"><div class=\"wpb_text_column \"><div class=\"wpb_wrapper\">\n<h1 style=\"text-align: center;\"><strong>Como funciona?<\/strong><\/h1>\n<\/div> <\/div> <div class=\"w-separator type_short size_small thick_1 style_solid color_border cont_icon\"><span class=\"w-separator-h\"><i class=\"fa fa-fa fa-angle-down\"><\/i><\/span><\/div><div class=\"wpb_text_column \"><div class=\"wpb_wrapper\"><em>Origem.biz<\/em> foi concebido como um rizoma que cresce em todas as dire\u00e7\u00f5es: no sentido vertical, relacionando ascendentes e descendentes; mas tamb\u00e9m no sentido horizontal, registrando colaterais. Cada registro pode expandir-se, por sua vez, pelos dois eixos, formando uma\u00a0rede complexa capaz de\u00a0espelhar a mescla das sucessivas gera\u00e7\u00f5es. Desse modo, trata-se de uma base de dados que permite, de modo simples,\u00a0consultas em qualquer desses extratos.<\/p>\n<p>Isso evita os m\u00e9todos tradicionais de registro geneal\u00f3gico, que t\u00eam de lidar com uma sucess\u00e3o de cap\u00edtulos, nem sempre f\u00e1cil de acompanhar, quando se trata de relacionar os descendentes de certos fundadores de linhagens, ou ent\u00e3o, nas \u00e1rvores de costado, com o desdobramento de n\u00fameros\u00a0\u00a0destinados a identificar filia\u00e7\u00f5es, os quais se\u00a0sucedem em m\u00faltiplos cada vez maiores, na propor\u00e7\u00e3o mesma em que se desenrolam as gera\u00e7\u00f5es. No mesmo sentido, como os casamentos entre parentes s\u00e3o relativamente comuns, em alguns casos apresentando-se em propor\u00e7\u00e3o elevada, a forma rizom\u00e1tica de <em>Origem.biz<\/em> permite que os elos intrafamiliares se mostrem, mantendo-se a simplicidade do sistema, sem a necessidade de in\u00fameras remiss\u00f5es.<\/p>\n<p>Os verbetes relativos a cada personagem apresentam os dados mais relevantes de suas biografias, ajuntando-se, quando \u00e9 o caso, imagens na forma de pinturas, desenhos ou fotografias. Esses registros, na medida da necessidade ou de novos achados e informa\u00e7\u00f5es, podem igualmente ser enriquecidos. Para isso, toda contribui\u00e7\u00e3o \u00e9 bem vinda e os nomes dos colaboradores ser\u00e3o sistematicamente registrados. Os dados de <em>Origem.biz<\/em>podem ser citados e utilizados, desde que sem fins comerciais. Solicita-se que a fonte seja indicada.<\/p>\n<p>O <em>link <\/em>intitulado <em>Notas<\/em> reproduz a documenta\u00e7\u00e3o usada para a elabora\u00e7\u00e3o dos verbetes, mas inclui tamb\u00e9m\u00a0dados relativos a pessoas cujo entrocamento nas fam\u00edlias apresentadas ainda n\u00e3o foi devidamente esclarecido. Trata-se, portanto, de material de trabalho, que fica igualmente disponibilizado para os interessados, podendo ser utilizado, desde que com fins n\u00e3o-comerciais. Pede-se apenas que se registre que foram obtidos em\u00a0<em>Origem.biz<\/em>.<\/p>\n<p>Nem sempre \u00e9 poss\u00edvel saber com exatid\u00e3o o nome completo das pessoas, o que \u00e9 comum em registros de batismo e, sobretudo quando se trata de mulheres, tamb\u00e9m em\u00a0invent\u00e1rios. Nestes casos,\u00a0o sobrenome paterno ou materno se p\u00f5e ap\u00f3s o nome conhecido, entre par\u00eanteses, apenas para que fique registrada a fam\u00edlia a que pertence o indiv\u00edduo referido. Saliente-se que os crit\u00e9rios de ado\u00e7\u00e3o de sobrenomes, anteriormente ao s\u00e9culo XX, s\u00e3o bastante fluidos, n\u00e3o se podendo ter certeza quando n\u00e3o h\u00e1 men\u00e7\u00e3o expl\u00edcita na documenta\u00e7\u00e3o dispon\u00edvel.<\/p>\n<p>Cumpre registrar que, na Internet, existe atualmente uma quantidade bastante consider\u00e1vel de informa\u00e7\u00f5es, que, a par dos estudos tradicionais sob a forma de livros, auxiliam muito o genealogista. Em especial, deve-se ressaltar a import\u00e2ncia do <em>Projeto Compartilhar<\/em>(<a href=\"http:\/\/www.projetocompartilhar.org\/\">www.projetocompartilhar.org<\/a>),\u00a0sob a lideran\u00e7a de Bartyra Sette e Regina Moraes Junqueira, que vem disponibilizando, com a ajuda de uma rede de colaboradores, importantes fontes prim\u00e1rias relativas aos povoadores de S\u00e3o Paulo e de Minas Gerais.\u00a0 A par de instrumentos como este, <em>Origem.biz <\/em>tem como objetivo lan\u00e7ar luz sob nosso passado, perseguindo as marcas daqueles que o fizeram.<\/p>\n<p>(Por quest\u00e3o de prud\u00eancia, n\u00e3o exibimos os nomes de pessoas vivas, a n\u00e3o ser com autoriza\u00e7\u00e3o das mesmas.) <\/div> <\/div> <\/div><\/div><\/div><\/section>\n","protected":false},"excerpt":{"rendered":"","protected":false},"author":1,"featured_media":0,"parent":0,"menu_order":0,"comment_status":"closed","ping_status":"closed","template":"","meta":[],"_links":{"self":[{"href":"http:\/\/origem.biz\/index.php?rest_route=\/wp\/v2\/pages\/47722"}],"collection":[{"href":"http:\/\/origem.biz\/index.php?rest_route=\/wp\/v2\/pages"}],"about":[{"href":"http:\/\/origem.biz\/index.php?rest_route=\/wp\/v2\/types\/page"}],"author":[{"embeddable":true,"href":"http:\/\/origem.biz\/index.php?rest_route=\/wp\/v2\/users\/1"}],"replies":[{"embeddable":true,"href":"http:\/\/origem.biz\/index.php?rest_route=%2Fwp%2Fv2%2Fcomments&post=47722"}],"version-history":[{"count":89,"href":"http:\/\/origem.biz\/index.php?rest_route=\/wp\/v2\/pages\/47722\/revisions"}],"predecessor-version":[{"id":65170,"href":"http:\/\/origem.biz\/index.php?rest_route=\/wp\/v2\/pages\/47722\/revisions\/65170"}],"wp:attachment":[{"href":"http:\/\/origem.biz\/index.php?rest_route=%2Fwp%2Fv2%2Fmedia&parent=47722"}],"curies":[{"name":"wp","href":"https:\/\/api.w.org\/{rel}","templated":true}]}}